{"id":24086,"date":"2020-11-09T17:50:28","date_gmt":"2020-11-09T17:50:28","guid":{"rendered":"https:\/\/www.bbmag.co.uk\/home\/"},"modified":"2023-01-03T14:41:05","modified_gmt":"2023-01-03T14:41:05","slug":"home","status":"publish","type":"page","link":"https:\/\/www.bbmag.co.uk\/es\/","title":{"rendered":"Home"},"content":{"rendered":"<div style=\"visibility: hidden; position: absolute;\">BBMag es la \u00fanica publicaci\u00f3n biling\u00fce en Londres (ingl\u00e9s\/portugu\u00e9s e ingl\u00e9s\/espa\u00f1ol) con sede en Londres dedicada a la promoci\u00f3n del estilo de vida internacional, el turismo y la cultura.<\/div>\n<div class=\"row cf\"><div class=\"column half\">\n\n\t<section class=\"highlights\">\n\t\t\t\t\n\t\t\t\t\n\t\t\n\t\t\t\t\n\t\t\t\t\n\t\t\t\t\t\t\t<span class=\"cat-title larger cat-1840\">\n\t\t\t\t\t<a href=\"https:\/\/www.bbmag.co.uk\/es\/cat\/entretenimiento\/\">Entretenimiento<\/a><\/span>\n\t\t\t\t\t\t\n\t\t\t<article itemscope itemtype=\"http:\/\/schema.org\/Article\">\n\t\t\t\t\t\n\t\t\t\t<a href=\"https:\/\/www.bbmag.co.uk\/es\/ciudades-para-disfrutar-del-invierno-brasileno\/\" title=\"Ciudades para disfrutar del invierno brasile\u00f1o\" class=\"image-link\" itemprop=\"url\">\n\t\t\t\t\t<img decoding=\"async\" width=\"351\" height=\"185\" src=\"https:\/\/www.bbmag.co.uk\/wp-content\/uploads\/2023\/09\/shutterstock_646051591-351x185.jpg\" class=\"image wp-post-image\" alt=\"\" title=\"Ciudades para disfrutar del invierno brasile\u00f1o\" itemprop=\"image\" \/>\t\t\t\t\t\n\t\t\t\t\t\t\t\t\t\t\n\t\t\t\t\t\t\t\t\t<\/a>\n\t\t\t\t\n\t\t\t\t\t\t\t<div class=\"cf listing-meta meta above\">\n\t\t\t\t\t\n\t\t\t\t<span class=\"meta-item author\">By <a href=\"https:\/\/www.bbmag.co.uk\/es\/author\/bbadmin\/\" title=\"Posts by BBMag\" rel=\"author\">BBMag<\/a><\/span>\t\t\t\t\t\n\t\t\t<\/div>\n\t\t\t\t\t\t\n\t\t\t\t<h2 itemprop=\"name headline\"><a href=\"https:\/\/www.bbmag.co.uk\/es\/ciudades-para-disfrutar-del-invierno-brasileno\/\" title=\"Ciudades para disfrutar del invierno brasile\u00f1o\">Ciudades para disfrutar del invierno brasile\u00f1o<\/a><\/h2>\n\t\t\t\t\n\t\t\t\t\t\t\t\t\n\t\t\t\t\t\t\t\t\n\t\t\t\t<div class=\"excerpt\">\n\t\t\t\t\t<p>En teor\u00eda, el invierno brasile\u00f1o dura del 22 de junio al 22 de septiembre, pero en realidad el pa\u00eds es&hellip;<\/p>\n\t\t\t\t<\/div>\n\t\t\t\t\t\t\t\t\n\t\t\t\t\t\t\t\t\n\t\t\t<\/article>\n\t\t\t\n\t\t\t\t\t\t\t\t\n\t\t\t<ul class=\"block posts-list thumb\">\n\t\t\t\n\t\t\t\t\n\t\t\t\t\n\t\t\t\t\n\t\t\t\t\t\n\t\t\t\n\t\t\t\t<li>\n\t\t\t\n\t\t\t\t\t\t\t\n\t\t\t\t\t<a href=\"https:\/\/www.bbmag.co.uk\/es\/samba-en-londres-si\/\"><img decoding=\"async\" width=\"110\" height=\"96\" src=\"https:\/\/www.bbmag.co.uk\/wp-content\/uploads\/2024\/07\/rio-carnival-1084648_1920-110x96.jpg\" class=\"attachment-post-thumbnail size-post-thumbnail wp-post-image\" alt=\"\" title=\"\u00bfSamba en Londres? \u00a1S\u00ed!\" \/>\n\t\t\t\t\t\t\t\t\t\t\n\t\t\t\t\t<\/a>\n\t\t\t\t\t\n\t\t\t\t\t<div class=\"content\">\n\n\t\t\t\t\t\t\t\t\t<div class=\"cf listing-meta above\">\n\t\t\t\t\t\n\t\t\t\t<time datetime=\"2024-08-12T17:00:17+01:00\" itemprop=\"datePublished\" class=\"meta-item\">12 de agosto de 2024<\/time>\t\t\t\t\t\n\t\t\t<\/div>\n\t\t\t\t\t\t\t\t\n\t\t\t\t\t\t<a href=\"https:\/\/www.bbmag.co.uk\/es\/samba-en-londres-si\/\" title=\"\u00bfSamba en Londres? \u00a1S\u00ed!\">\n\t\t\t\t\t\t\t\u00bfSamba en Londres? \u00a1S\u00ed!<\/a>\n\t\t\t\t\t\t\t\n\t\t\t\t\t\t\t\t\t\t\t\t\t\n\t\t\t\t\t\t\t\t\t\t\t\t\n\t\t\t\t\t<\/div>\n\t\t\t\t\n\t\t\t\t\t\t\n\t\t\t\t<\/li>\n\t\t\t\n\t\t\t\t\n\t\t\t\t\t\n\t\t\t\n\t\t\t\t<li>\n\t\t\t\n\t\t\t\t\t\t\t\n\t\t\t\t\t<a href=\"https:\/\/www.bbmag.co.uk\/es\/dia-internacional-de-la-amistad\/\"><img decoding=\"async\" width=\"110\" height=\"96\" src=\"https:\/\/www.bbmag.co.uk\/wp-content\/uploads\/2024\/07\/shutterstock_728021035-110x96.jpg\" class=\"attachment-post-thumbnail size-post-thumbnail wp-post-image\" alt=\"\" title=\"D\u00eda Internacional de la Amistad\" \/>\n\t\t\t\t\t\t\t\t\t\t\n\t\t\t\t\t<\/a>\n\t\t\t\t\t\n\t\t\t\t\t<div class=\"content\">\n\n\t\t\t\t\t\t\t\t\t<div class=\"cf listing-meta above\">\n\t\t\t\t\t\n\t\t\t\t<time datetime=\"2024-07-30T17:00:00+01:00\" itemprop=\"datePublished\" class=\"meta-item\">30 de julio de 2024<\/time>\t\t\t\t\t\n\t\t\t<\/div>\n\t\t\t\t\t\t\t\t\n\t\t\t\t\t\t<a href=\"https:\/\/www.bbmag.co.uk\/es\/dia-internacional-de-la-amistad\/\" title=\"D\u00eda Internacional de la Amistad\">\n\t\t\t\t\t\t\tD\u00eda Internacional de la Amistad<\/a>\n\t\t\t\t\t\t\t\n\t\t\t\t\t\t\t\t\t\t\t\t\t\n\t\t\t\t\t\t\t\t\t\t\t\t\n\t\t\t\t\t<\/div>\n\t\t\t\t\n\t\t\t\t\t\t\n\t\t\t\t<\/li>\n\t\t\t\n\t\t\t\t\n\t\t\t\t\t\n\t\t\t\n\t\t\t\t<li>\n\t\t\t\n\t\t\t\t\t\t\t\n\t\t\t\t\t<a href=\"https:\/\/www.bbmag.co.uk\/es\/26-de-julio-dia-mundial-de-los-abuelos\/\"><img decoding=\"async\" width=\"110\" height=\"96\" src=\"https:\/\/www.bbmag.co.uk\/wp-content\/uploads\/2024\/07\/DIA-DOS-AVOS-768x367-1-110x96.jpg\" class=\"attachment-post-thumbnail size-post-thumbnail wp-post-image\" alt=\"\" title=\"26 de julio: D\u00eda Mundial de los Abuelos\" \/>\n\t\t\t\t\t\t\t\t\t\t\n\t\t\t\t\t<\/a>\n\t\t\t\t\t\n\t\t\t\t\t<div class=\"content\">\n\n\t\t\t\t\t\t\t\t\t<div class=\"cf listing-meta above\">\n\t\t\t\t\t\n\t\t\t\t<time datetime=\"2024-07-26T17:00:51+01:00\" itemprop=\"datePublished\" class=\"meta-item\">26 de julio de 2024<\/time>\t\t\t\t\t\n\t\t\t<\/div>\n\t\t\t\t\t\t\t\t\n\t\t\t\t\t\t<a href=\"https:\/\/www.bbmag.co.uk\/es\/26-de-julio-dia-mundial-de-los-abuelos\/\" title=\"26 de julio: D\u00eda Mundial de los Abuelos\">\n\t\t\t\t\t\t\t26 de julio: D\u00eda Mundial de los Abuelos<\/a>\n\t\t\t\t\t\t\t\n\t\t\t\t\t\t\t\t\t\t\t\t\t\n\t\t\t\t\t\t\t\t\t\t\t\t\n\t\t\t\t\t<\/div>\n\t\t\t\t\n\t\t\t\t\t\t\n\t\t\t\t<\/li>\n\t\t\t\n\t\t\t\t\t\n\t\t\t <\/ul> \t\t\t\n\t\t\n\t<\/section>\n\t\n\t<\/div><div class=\"column half\">\n\n\t<section class=\"highlights\">\n\t\t\t\t\n\t\t\t\t\n\t\t\n\t\t\t\t\n\t\t\t\t\n\t\t\t\t\t\t\t<span class=\"cat-title larger cat-1545\">\n\t\t\t\t\t<a href=\"https:\/\/www.bbmag.co.uk\/es\/cat\/estilo-de-vida-es\/\">Estilo de Vida<\/a><\/span>\n\t\t\t\t\t\t\n\t\t\t<article itemscope itemtype=\"http:\/\/schema.org\/Article\">\n\t\t\t\t\t\n\t\t\t\t<a href=\"https:\/\/www.bbmag.co.uk\/es\/la-dinamica-de-la-natacion\/\" title=\"Salud y Bienestar: la din\u00e1mica de la nataci\u00f3n\u00a0\" class=\"image-link\" itemprop=\"url\">\n\t\t\t\t\t<img decoding=\"async\" width=\"351\" height=\"185\" src=\"https:\/\/www.bbmag.co.uk\/wp-content\/uploads\/2021\/07\/BOSSA-LATINOS-1-natacao-2-351x185.jpeg\" class=\"image wp-post-image\" alt=\"\" title=\"Salud y Bienestar: la din\u00e1mica de la nataci\u00f3n\u00a0\" itemprop=\"image\" \/>\t\t\t\t\t\n\t\t\t\t\t\t\t\t\t\t\n\t\t\t\t\t\t\t\t\t<\/a>\n\t\t\t\t\n\t\t\t\t\t\t\t<div class=\"cf listing-meta meta above\">\n\t\t\t\t\t\n\t\t\t\t<span class=\"meta-item author\">By <a href=\"https:\/\/www.bbmag.co.uk\/es\/author\/bbmag2\/\" title=\"Posts by BBMag\" rel=\"author\">BBMag<\/a><\/span>\t\t\t\t\t\n\t\t\t<\/div>\n\t\t\t\t\t\t\n\t\t\t\t<h2 itemprop=\"name headline\"><a href=\"https:\/\/www.bbmag.co.uk\/es\/la-dinamica-de-la-natacion\/\" title=\"Salud y Bienestar: la din\u00e1mica de la nataci\u00f3n\u00a0\">Salud y Bienestar: la din\u00e1mica de la nataci\u00f3n\u00a0<\/a><\/h2>\n\t\t\t\t\n\t\t\t\t\t\t\t\t\n\t\t\t\t\t\t\t\t\n\t\t\t\t<div class=\"excerpt\">\n\t\t\t\t\t<p>La nataci\u00f3n es uno de los deportes m\u00e1s antiguos del mundo y el contacto con el agua siempre ha demostrado&hellip;<\/p>\n\t\t\t\t<\/div>\n\t\t\t\t\t\t\t\t\n\t\t\t\t\t\t\t\t\n\t\t\t<\/article>\n\t\t\t\n\t\t\t\t\t\t\t\t\n\t\t\t<ul class=\"block posts-list thumb\">\n\t\t\t\n\t\t\t\t\n\t\t\t\t\n\t\t\t\t\n\t\t\t\t\t\n\t\t\t\n\t\t\t\t<li>\n\t\t\t\n\t\t\t\t\t\t\t\n\t\t\t\t\t<a href=\"https:\/\/www.bbmag.co.uk\/es\/dia-internacional-de-la-amistad\/\"><img decoding=\"async\" width=\"110\" height=\"96\" src=\"https:\/\/www.bbmag.co.uk\/wp-content\/uploads\/2024\/07\/shutterstock_728021035-110x96.jpg\" class=\"attachment-post-thumbnail size-post-thumbnail wp-post-image\" alt=\"\" title=\"D\u00eda Internacional de la Amistad\" \/>\n\t\t\t\t\t\t\t\t\t\t\n\t\t\t\t\t<\/a>\n\t\t\t\t\t\n\t\t\t\t\t<div class=\"content\">\n\n\t\t\t\t\t\t\t\t\t<div class=\"cf listing-meta above\">\n\t\t\t\t\t\n\t\t\t\t<time datetime=\"2024-07-30T17:00:00+01:00\" itemprop=\"datePublished\" class=\"meta-item\">30 de julio de 2024<\/time>\t\t\t\t\t\n\t\t\t<\/div>\n\t\t\t\t\t\t\t\t\n\t\t\t\t\t\t<a href=\"https:\/\/www.bbmag.co.uk\/es\/dia-internacional-de-la-amistad\/\" title=\"D\u00eda Internacional de la Amistad\">\n\t\t\t\t\t\t\tD\u00eda Internacional de la Amistad<\/a>\n\t\t\t\t\t\t\t\n\t\t\t\t\t\t\t\t\t\t\t\t\t\n\t\t\t\t\t\t\t\t\t\t\t\t\n\t\t\t\t\t<\/div>\n\t\t\t\t\n\t\t\t\t\t\t\n\t\t\t\t<\/li>\n\t\t\t\n\t\t\t\t\n\t\t\t\t\t\n\t\t\t\n\t\t\t\t<li>\n\t\t\t\n\t\t\t\t\t\t\t\n\t\t\t\t\t<a href=\"https:\/\/www.bbmag.co.uk\/es\/charla-de-bar-capital-de-la-danza\/\"><img decoding=\"async\" width=\"110\" height=\"96\" src=\"https:\/\/www.bbmag.co.uk\/wp-content\/uploads\/2024\/07\/dance-768x367-1-110x96.jpg\" class=\"attachment-post-thumbnail size-post-thumbnail wp-post-image\" alt=\"\" title=\"Charla de Bar: Capital de la Danza\" \/>\n\t\t\t\t\t\t\t\t\t\t\n\t\t\t\t\t<\/a>\n\t\t\t\t\t\n\t\t\t\t\t<div class=\"content\">\n\n\t\t\t\t\t\t\t\t\t<div class=\"cf listing-meta above\">\n\t\t\t\t\t\n\t\t\t\t<time datetime=\"2024-07-24T17:00:28+01:00\" itemprop=\"datePublished\" class=\"meta-item\">24 de julio de 2024<\/time>\t\t\t\t\t\n\t\t\t<\/div>\n\t\t\t\t\t\t\t\t\n\t\t\t\t\t\t<a href=\"https:\/\/www.bbmag.co.uk\/es\/charla-de-bar-capital-de-la-danza\/\" title=\"Charla de Bar: Capital de la Danza\">\n\t\t\t\t\t\t\tCharla de Bar: Capital de la Danza<\/a>\n\t\t\t\t\t\t\t\n\t\t\t\t\t\t\t\t\t\t\t\t\t\n\t\t\t\t\t\t\t\t\t\t\t\t\n\t\t\t\t\t<\/div>\n\t\t\t\t\n\t\t\t\t\t\t\n\t\t\t\t<\/li>\n\t\t\t\n\t\t\t\t\n\t\t\t\t\t\n\t\t\t\n\t\t\t\t<li>\n\t\t\t\n\t\t\t\t\t\t\t\n\t\t\t\t\t<a href=\"https:\/\/www.bbmag.co.uk\/es\/conoces-el-leadenhall-market\/\"><img decoding=\"async\" width=\"110\" height=\"96\" src=\"https:\/\/www.bbmag.co.uk\/wp-content\/uploads\/2017\/11\/leadenhall_market-110x96.jpg\" class=\"attachment-post-thumbnail size-post-thumbnail wp-post-image\" alt=\"\" title=\"\u00bfConoces el Leadenhall Market?\" \/>\n\t\t\t\t\t\t\t\t\t\t\n\t\t\t\t\t<\/a>\n\t\t\t\t\t\n\t\t\t\t\t<div class=\"content\">\n\n\t\t\t\t\t\t\t\t\t<div class=\"cf listing-meta above\">\n\t\t\t\t\t\n\t\t\t\t<time datetime=\"2024-07-03T17:00:40+01:00\" itemprop=\"datePublished\" class=\"meta-item\">3 de julio de 2024<\/time>\t\t\t\t\t\n\t\t\t<\/div>\n\t\t\t\t\t\t\t\t\n\t\t\t\t\t\t<a href=\"https:\/\/www.bbmag.co.uk\/es\/conoces-el-leadenhall-market\/\" title=\"\u00bfConoces el Leadenhall Market?\">\n\t\t\t\t\t\t\t\u00bfConoces el Leadenhall Market?<\/a>\n\t\t\t\t\t\t\t\n\t\t\t\t\t\t\t\t\t\t\t\t\t\n\t\t\t\t\t\t\t\t\t\t\t\t\n\t\t\t\t\t<\/div>\n\t\t\t\t\n\t\t\t\t\t\t\n\t\t\t\t<\/li>\n\t\t\t\n\t\t\t\t\t\n\t\t\t <\/ul> \t\t\t\n\t\t\n\t<\/section>\n\t\n\t<\/div><\/div>\n<p>&nbsp;<\/p>\n<p style=\"text-align: center;\"><!-- \u00a1O bien no hay banners, estan desactivados o no estan programados para esta ubicaci\u00f3n! -->\n<p>&nbsp;<\/p>\n<div class=\"row cf\"><div class=\"column half\">\n\n\t<section class=\"highlights\">\n\t\t\t\t\n\t\t\t\t\n\t\t\n\t\t\t\t\n\t\t\t\t\n\t\t\t\t\t\t\t<span class=\"cat-title larger cat-1858\">\n\t\t\t\t\t<a href=\"https:\/\/www.bbmag.co.uk\/es\/cat\/recetas\/\">Recetas<\/a><\/span>\n\t\t\t\t\t\t\n\t\t\t<article itemscope itemtype=\"http:\/\/schema.org\/Article\">\n\t\t\t\t\t\n\t\t\t\t<a href=\"https:\/\/www.bbmag.co.uk\/es\/mapa-gastronomico-de-brasil-gastronomia-brasilena\/\" title=\"Mapa gastron\u00f3mico de Brasil: Gastronom\u00eda Brasile\u00f1a\" class=\"image-link\" itemprop=\"url\">\n\t\t\t\t\t<img decoding=\"async\" width=\"351\" height=\"185\" src=\"https:\/\/www.bbmag.co.uk\/wp-content\/uploads\/2016\/11\/shutterstock_795624253-351x185.jpg\" class=\"image wp-post-image\" alt=\"\" title=\"Mapa gastron\u00f3mico de Brasil: Gastronom\u00eda Brasile\u00f1a\" itemprop=\"image\" \/>\t\t\t\t\t\n\t\t\t\t\t\t\t\t\t\t\n\t\t\t\t\t\t\t\t\t<\/a>\n\t\t\t\t\n\t\t\t\t\t\t\t<div class=\"cf listing-meta meta above\">\n\t\t\t\t\t\n\t\t\t\t<span class=\"meta-item author\">By <a href=\"https:\/\/www.bbmag.co.uk\/es\/author\/bbadmin\/\" title=\"Posts by BBMag\" rel=\"author\">BBMag<\/a><\/span>\t\t\t\t\t\n\t\t\t<\/div>\n\t\t\t\t\t\t\n\t\t\t\t<h2 itemprop=\"name headline\"><a href=\"https:\/\/www.bbmag.co.uk\/es\/mapa-gastronomico-de-brasil-gastronomia-brasilena\/\" title=\"Mapa gastron\u00f3mico de Brasil: Gastronom\u00eda Brasile\u00f1a\">Mapa gastron\u00f3mico de Brasil: Gastronom\u00eda Brasile\u00f1a<\/a><\/h2>\n\t\t\t\t\n\t\t\t\t\t\t\t\t\n\t\t\t\t\t\t\t\t\n\t\t\t\t<div class=\"excerpt\">\n\t\t\t\t\t<p>\u00bfQu\u00e9 le parece un &#8220;sabroso&#8221; recorrido por las regiones brasile\u00f1as? \u00a1Acomp\u00e1\u00f1enos! Con m\u00e1s de 500 a\u00f1os de historia, la cocina&hellip;<\/p>\n\t\t\t\t<\/div>\n\t\t\t\t\t\t\t\t\n\t\t\t\t\t\t\t\t\n\t\t\t<\/article>\n\t\t\t\n\t\t\t\t\t\t\t\t\n\t\t\t<ul class=\"block posts-list thumb\">\n\t\t\t\n\t\t\t\t\n\t\t\t\t\n\t\t\t\t\n\t\t\t\t\t\n\t\t\t\n\t\t\t\t<li>\n\t\t\t\n\t\t\t\t\t\t\t\n\t\t\t\t\t<a href=\"https:\/\/www.bbmag.co.uk\/es\/postre-brasileno-de-maiz-curau\/\"><img decoding=\"async\" width=\"110\" height=\"96\" src=\"https:\/\/www.bbmag.co.uk\/wp-content\/uploads\/2021\/05\/shutterstock_581754127-110x96.jpg\" class=\"attachment-post-thumbnail size-post-thumbnail wp-post-image\" alt=\"\" title=\"Postre brasile\u00f1o de ma\u00edz:\u00a0Curau\u00a0\u00a0\" \/>\n\t\t\t\t\t\t\t\t\t\t\n\t\t\t\t\t<\/a>\n\t\t\t\t\t\n\t\t\t\t\t<div class=\"content\">\n\n\t\t\t\t\t\t\t\t\t<div class=\"cf listing-meta above\">\n\t\t\t\t\t\n\t\t\t\t<time datetime=\"2024-07-15T17:00:16+01:00\" itemprop=\"datePublished\" class=\"meta-item\">15 de julio de 2024<\/time>\t\t\t\t\t\n\t\t\t<\/div>\n\t\t\t\t\t\t\t\t\n\t\t\t\t\t\t<a href=\"https:\/\/www.bbmag.co.uk\/es\/postre-brasileno-de-maiz-curau\/\" title=\"Postre brasile\u00f1o de ma\u00edz:\u00a0Curau\u00a0\u00a0\">\n\t\t\t\t\t\t\tPostre brasile\u00f1o de ma\u00edz:\u00a0Curau\u00a0\u00a0<\/a>\n\t\t\t\t\t\t\t\n\t\t\t\t\t\t\t\t\t\t\t\t\t\n\t\t\t\t\t\t\t\t\t\t\t\t\n\t\t\t\t\t<\/div>\n\t\t\t\t\n\t\t\t\t\t\t\n\t\t\t\t<\/li>\n\t\t\t\n\t\t\t\t\n\t\t\t\t\t\n\t\t\t\n\t\t\t\t<li>\n\t\t\t\n\t\t\t\t\t\t\t\n\t\t\t\t\t<a href=\"https:\/\/www.bbmag.co.uk\/es\/chips-de-aguacate\/\"><img decoding=\"async\" width=\"110\" height=\"96\" src=\"https:\/\/www.bbmag.co.uk\/wp-content\/uploads\/2021\/07\/40-estudio-bloom-NYqCYYqymlM-unsplash-110x96.jpg\" class=\"attachment-post-thumbnail size-post-thumbnail wp-post-image\" alt=\"\" title=\"Receta deliciosa: chips de aguacate\" \/>\n\t\t\t\t\t\t\t\t\t\t\n\t\t\t\t\t<\/a>\n\t\t\t\t\t\n\t\t\t\t\t<div class=\"content\">\n\n\t\t\t\t\t\t\t\t\t<div class=\"cf listing-meta above\">\n\t\t\t\t\t\n\t\t\t\t<time datetime=\"2021-08-02T11:00:44+01:00\" itemprop=\"datePublished\" class=\"meta-item\">2 de agosto de 2021<\/time>\t\t\t\t\t\n\t\t\t<\/div>\n\t\t\t\t\t\t\t\t\n\t\t\t\t\t\t<a href=\"https:\/\/www.bbmag.co.uk\/es\/chips-de-aguacate\/\" title=\"Receta deliciosa: chips de aguacate\">\n\t\t\t\t\t\t\tReceta deliciosa: chips de aguacate<\/a>\n\t\t\t\t\t\t\t\n\t\t\t\t\t\t\t\t\t\t\t\t\t\n\t\t\t\t\t\t\t\t\t\t\t\t\n\t\t\t\t\t<\/div>\n\t\t\t\t\n\t\t\t\t\t\t\n\t\t\t\t<\/li>\n\t\t\t\n\t\t\t\t\n\t\t\t\t\t\n\t\t\t\n\t\t\t\t<li>\n\t\t\t\n\t\t\t\t\t\t\t\n\t\t\t\t\t<a href=\"https:\/\/www.bbmag.co.uk\/es\/peru-y-el-pisco-sour\/\"><img decoding=\"async\" width=\"110\" height=\"96\" src=\"https:\/\/www.bbmag.co.uk\/wp-content\/uploads\/2021\/07\/COCTELES-PISCO-shutterstock_1453024436-110x96.jpg\" class=\"attachment-post-thumbnail size-post-thumbnail wp-post-image\" alt=\"\" title=\"Receta: Per\u00fa y el Pisco Sour\u00a0\" \/>\n\t\t\t\t\t\t\t\t\t\t\n\t\t\t\t\t<\/a>\n\t\t\t\t\t\n\t\t\t\t\t<div class=\"content\">\n\n\t\t\t\t\t\t\t\t\t<div class=\"cf listing-meta above\">\n\t\t\t\t\t\n\t\t\t\t<time datetime=\"2021-07-30T17:30:32+01:00\" itemprop=\"datePublished\" class=\"meta-item\">30 de julio de 2021<\/time>\t\t\t\t\t\n\t\t\t<\/div>\n\t\t\t\t\t\t\t\t\n\t\t\t\t\t\t<a href=\"https:\/\/www.bbmag.co.uk\/es\/peru-y-el-pisco-sour\/\" title=\"Receta: Per\u00fa y el Pisco Sour\u00a0\">\n\t\t\t\t\t\t\tReceta: Per\u00fa y el Pisco Sour\u00a0<\/a>\n\t\t\t\t\t\t\t\n\t\t\t\t\t\t\t\t\t\t\t\t\t\n\t\t\t\t\t\t\t\t\t\t\t\t\n\t\t\t\t\t<\/div>\n\t\t\t\t\n\t\t\t\t\t\t\n\t\t\t\t<\/li>\n\t\t\t\n\t\t\t\t\t\n\t\t\t <\/ul> \t\t\t\n\t\t\n\t<\/section>\n\t\n\t<\/div><div class=\"column half\">\n\n\t<section class=\"highlights\">\n\t\t\t\t\n\t\t\t\t\n\t\t\n\t\t\t\t\n\t\t\t\t\n\t\t\t\t\t\t\t<span class=\"cat-title larger cat-1832\">\n\t\t\t\t\t<a href=\"https:\/\/www.bbmag.co.uk\/es\/cat\/latinos-brits-that-rock\/\">Latinos &amp; Brits that Rock!<\/a><\/span>\n\t\t\t\t\t\t\n\t\t\t<article itemscope itemtype=\"http:\/\/schema.org\/Article\">\n\t\t\t\t\t\n\t\t\t\t<a href=\"https:\/\/www.bbmag.co.uk\/es\/latinolife-in-the-park-festival-londres-2023\/\" title=\"LatinoLife in the Park Festival Londres 2023\" class=\"image-link\" itemprop=\"url\">\n\t\t\t\t\t<img decoding=\"async\" width=\"351\" height=\"185\" src=\"https:\/\/www.bbmag.co.uk\/wp-content\/uploads\/2023\/08\/Latino-Life-in-the-park-Saturday-JG-105-351x185.jpg\" class=\"image wp-post-image\" alt=\"\" title=\"LatinoLife in the Park Festival Londres 2023\" itemprop=\"image\" \/>\t\t\t\t\t\n\t\t\t\t\t\t\t\t\t\t\n\t\t\t\t\t\t\t\t\t<\/a>\n\t\t\t\t\n\t\t\t\t\t\t\t<div class=\"cf listing-meta meta above\">\n\t\t\t\t\t\n\t\t\t\t<span class=\"meta-item author\">By <a href=\"https:\/\/www.bbmag.co.uk\/es\/author\/bbadmin\/\" title=\"Posts by BBMag\" rel=\"author\">BBMag<\/a><\/span>\t\t\t\t\t\n\t\t\t<\/div>\n\t\t\t\t\t\t\n\t\t\t\t<h2 itemprop=\"name headline\"><a href=\"https:\/\/www.bbmag.co.uk\/es\/latinolife-in-the-park-festival-londres-2023\/\" title=\"LatinoLife in the Park Festival Londres 2023\">LatinoLife in the Park Festival Londres 2023<\/a><\/h2>\n\t\t\t\t\n\t\t\t\t\t\t\t\t\n\t\t\t\t\t\t\t\t\n\t\t\t\t<div class=\"excerpt\">\n\t\t\t\t\t<p>LatinoLife in the Park Festival 2023 &#8211; Celebraci\u00f3n de lo mejor de la m\u00fasica y la cultura latinoamericanas en Londres&hellip;<\/p>\n\t\t\t\t<\/div>\n\t\t\t\t\t\t\t\t\n\t\t\t\t\t\t\t\t\n\t\t\t<\/article>\n\t\t\t\n\t\t\t\t\t\t\t\t\n\t\t\t<ul class=\"block posts-list thumb\">\n\t\t\t\n\t\t\t\t\n\t\t\t\t\n\t\t\t\t\n\t\t\t\t\t\n\t\t\t\n\t\t\t\t<li>\n\t\t\t\n\t\t\t\t\t\t\t\n\t\t\t\t\t<a href=\"https:\/\/www.bbmag.co.uk\/es\/bbmag-latinos-that-rock-frida-kahlo-2\/\"><img decoding=\"async\" width=\"110\" height=\"96\" src=\"https:\/\/www.bbmag.co.uk\/wp-content\/uploads\/2021\/04\/Frida-Makeup-bag-BBMAG-Latinos-2020-web-110x96.jpg\" class=\"attachment-post-thumbnail size-post-thumbnail wp-post-image\" alt=\"\" title=\"Latinos that Rock! Frida Kahlo\" \/>\n\t\t\t\t\t\t\t\t\t\t\n\t\t\t\t\t<\/a>\n\t\t\t\t\t\n\t\t\t\t\t<div class=\"content\">\n\n\t\t\t\t\t\t\t\t\t<div class=\"cf listing-meta above\">\n\t\t\t\t\t\n\t\t\t\t<time datetime=\"2023-02-15T10:00:09+00:00\" itemprop=\"datePublished\" class=\"meta-item\">15 de febrero de 2023<\/time>\t\t\t\t\t\n\t\t\t<\/div>\n\t\t\t\t\t\t\t\t\n\t\t\t\t\t\t<a href=\"https:\/\/www.bbmag.co.uk\/es\/bbmag-latinos-that-rock-frida-kahlo-2\/\" title=\"Latinos that Rock! Frida Kahlo\">\n\t\t\t\t\t\t\tLatinos that Rock! Frida Kahlo<\/a>\n\t\t\t\t\t\t\t\n\t\t\t\t\t\t\t\t\t\t\t\t\t\n\t\t\t\t\t\t\t\t\t\t\t\t\n\t\t\t\t\t<\/div>\n\t\t\t\t\n\t\t\t\t\t\t\n\t\t\t\t<\/li>\n\t\t\t\n\t\t\t\t\n\t\t\t\t\t\n\t\t\t\n\t\t\t\t<li>\n\t\t\t\n\t\t\t\t\t\t\t\n\t\t\t\t\t<a href=\"https:\/\/www.bbmag.co.uk\/es\/bienvenidos-a-mas-una-edicion-de-bbmag-latinos\/\"><img decoding=\"async\" width=\"110\" height=\"96\" src=\"https:\/\/www.bbmag.co.uk\/wp-content\/uploads\/2021\/07\/banner_art_flex_coverpages_issue3_latinos_es-110x96.jpg\" class=\"attachment-post-thumbnail size-post-thumbnail wp-post-image\" alt=\"\" title=\"\u00a1Bienvenidos a mas una edici\u00f3n de BBMag Latinos!\" \/>\n\t\t\t\t\t\t\t\t\t\t\n\t\t\t\t\t<\/a>\n\t\t\t\t\t\n\t\t\t\t\t<div class=\"content\">\n\n\t\t\t\t\t\t\t\t\t<div class=\"cf listing-meta above\">\n\t\t\t\t\t\n\t\t\t\t<time datetime=\"2021-07-06T10:00:21+01:00\" itemprop=\"datePublished\" class=\"meta-item\">6 de julio de 2021<\/time>\t\t\t\t\t\n\t\t\t<\/div>\n\t\t\t\t\t\t\t\t\n\t\t\t\t\t\t<a href=\"https:\/\/www.bbmag.co.uk\/es\/bienvenidos-a-mas-una-edicion-de-bbmag-latinos\/\" title=\"\u00a1Bienvenidos a mas una edici\u00f3n de BBMag Latinos!\">\n\t\t\t\t\t\t\t\u00a1Bienvenidos a mas una edici\u00f3n de BBMag Latinos!<\/a>\n\t\t\t\t\t\t\t\n\t\t\t\t\t\t\t\t\t\t\t\t\t\n\t\t\t\t\t\t\t\t\t\t\t\t\n\t\t\t\t\t<\/div>\n\t\t\t\t\n\t\t\t\t\t\t\n\t\t\t\t<\/li>\n\t\t\t\n\t\t\t\t\n\t\t\t\t\t\n\t\t\t\n\t\t\t\t<li>\n\t\t\t\n\t\t\t\t\t\t\t\n\t\t\t\t\t<a href=\"https:\/\/www.bbmag.co.uk\/es\/llego-la-nueva-edicion-de-bbmag-latinos\/\"><img decoding=\"async\" width=\"110\" height=\"96\" src=\"https:\/\/www.bbmag.co.uk\/wp-content\/uploads\/2021\/05\/banner_latinos_issue2_hands_cover-1-110x96.jpg\" class=\"attachment-post-thumbnail size-post-thumbnail wp-post-image\" alt=\"\" title=\"\u00a1Lleg\u00f3 la nueva edici\u00f3n de BBMag\u00a0Latinos!\u00a0\" \/>\n\t\t\t\t\t\t\t\t\t\t\n\t\t\t\t\t<\/a>\n\t\t\t\t\t\n\t\t\t\t\t<div class=\"content\">\n\n\t\t\t\t\t\t\t\t\t<div class=\"cf listing-meta above\">\n\t\t\t\t\t\n\t\t\t\t<time datetime=\"2021-06-04T10:00:49+01:00\" itemprop=\"datePublished\" class=\"meta-item\">4 de junio de 2021<\/time>\t\t\t\t\t\n\t\t\t<\/div>\n\t\t\t\t\t\t\t\t\n\t\t\t\t\t\t<a href=\"https:\/\/www.bbmag.co.uk\/es\/llego-la-nueva-edicion-de-bbmag-latinos\/\" title=\"\u00a1Lleg\u00f3 la nueva edici\u00f3n de BBMag\u00a0Latinos!\u00a0\">\n\t\t\t\t\t\t\t\u00a1Lleg\u00f3 la nueva edici\u00f3n de BBMag\u00a0Latinos!\u00a0<\/a>\n\t\t\t\t\t\t\t\n\t\t\t\t\t\t\t\t\t\t\t\t\t\n\t\t\t\t\t\t\t\t\t\t\t\t\n\t\t\t\t\t<\/div>\n\t\t\t\t\n\t\t\t\t\t\t\n\t\t\t\t<\/li>\n\t\t\t\n\t\t\t\t\t\n\t\t\t <\/ul> \t\t\t\n\t\t\n\t<\/section>\n\t\n\t<\/div><\/div>\n<p>&nbsp;<\/p>\n<p style=\"text-align: center;\"><!-- \u00a1O bien no hay banners, estan desactivados o no estan programados para esta ubicaci\u00f3n! -->\n<p>&nbsp;<\/p>\n<div class=\"row cf\"><div class=\"column half\">\n\n\t<section class=\"highlights\">\n\t\t\t\t\n\t\t\t\t\n\t\t\n\t\t\t\t\n\t\t\t\t\n\t\t\t\t\t\t\t<span class=\"cat-title larger cat-1843\">\n\t\t\t\t\t<a href=\"https:\/\/www.bbmag.co.uk\/es\/cat\/moda-es\/\">Moda<\/a><\/span>\n\t\t\t\t\t\t\n\t\t\t<article itemscope itemtype=\"http:\/\/schema.org\/Article\">\n\t\t\t\t\t\n\t\t\t\t<a href=\"https:\/\/www.bbmag.co.uk\/es\/bbmag-latinos-that-rock-frida-kahlo-2\/\" title=\"Latinos that Rock! Frida Kahlo\" class=\"image-link\" itemprop=\"url\">\n\t\t\t\t\t<img decoding=\"async\" width=\"351\" height=\"185\" src=\"https:\/\/www.bbmag.co.uk\/wp-content\/uploads\/2021\/04\/Frida-Makeup-bag-BBMAG-Latinos-2020-web-351x185.jpg\" class=\"image wp-post-image\" alt=\"\" title=\"Latinos that Rock! Frida Kahlo\" itemprop=\"image\" \/>\t\t\t\t\t\n\t\t\t\t\t\t\t\t\t\t\n\t\t\t\t\t\t\t\t\t<\/a>\n\t\t\t\t\n\t\t\t\t\t\t\t<div class=\"cf listing-meta meta above\">\n\t\t\t\t\t\n\t\t\t\t<span class=\"meta-item author\">By <a href=\"https:\/\/www.bbmag.co.uk\/es\/author\/bbmag2\/\" title=\"Posts by BBMag\" rel=\"author\">BBMag<\/a><\/span>\t\t\t\t\t\n\t\t\t<\/div>\n\t\t\t\t\t\t\n\t\t\t\t<h2 itemprop=\"name headline\"><a href=\"https:\/\/www.bbmag.co.uk\/es\/bbmag-latinos-that-rock-frida-kahlo-2\/\" title=\"Latinos that Rock! Frida Kahlo\">Latinos that Rock! Frida Kahlo<\/a><\/h2>\n\t\t\t\t\n\t\t\t\t\t\t\t\t\n\t\t\t\t\t\t\t\t\n\t\t\t\t<div class=\"excerpt\">\n\t\t\t\t\t<p>Para este Latinos That Rock!, elegimos a la mexicana Frida Kahlo, con tuvo una vida fascinante, tanto profesional como personal&hellip;<\/p>\n\t\t\t\t<\/div>\n\t\t\t\t\t\t\t\t\n\t\t\t\t\t\t\t\t\n\t\t\t<\/article>\n\t\t\t\n\t\t\t\t\t\t\t\t\n\t\t\t<ul class=\"block posts-list thumb\">\n\t\t\t\n\t\t\t\t\n\t\t\t\t\n\t\t\t\t\n\t\t\t\t\t\n\t\t\t\n\t\t\t\t<li>\n\t\t\t\n\t\t\t\t\t\t\t\n\t\t\t\t\t<a href=\"https:\/\/www.bbmag.co.uk\/es\/sombreros-moda-que-se-lleva-con-la-cabeza-en-alto\/\"><img decoding=\"async\" width=\"110\" height=\"96\" src=\"https:\/\/www.bbmag.co.uk\/wp-content\/uploads\/2021\/07\/LAT-3-MODA-Colorful-Fabric-at-market-in-Peru-shutterstock_29952169-110x96.jpg\" class=\"attachment-post-thumbnail size-post-thumbnail wp-post-image\" alt=\"\" title=\"Sombreros: moda que\u00a0se\u00a0lleva\u00a0con\u00a0la cabeza en alto\u00a0\" \/>\n\t\t\t\t\t\t\t\t\t\t\n\t\t\t\t\t<\/a>\n\t\t\t\t\t\n\t\t\t\t\t<div class=\"content\">\n\n\t\t\t\t\t\t\t\t\t<div class=\"cf listing-meta above\">\n\t\t\t\t\t\n\t\t\t\t<time datetime=\"2022-01-10T10:00:52+00:00\" itemprop=\"datePublished\" class=\"meta-item\">10 de enero de 2022<\/time>\t\t\t\t\t\n\t\t\t<\/div>\n\t\t\t\t\t\t\t\t\n\t\t\t\t\t\t<a href=\"https:\/\/www.bbmag.co.uk\/es\/sombreros-moda-que-se-lleva-con-la-cabeza-en-alto\/\" title=\"Sombreros: moda que\u00a0se\u00a0lleva\u00a0con\u00a0la cabeza en alto\u00a0\">\n\t\t\t\t\t\t\tSombreros: moda que\u00a0se\u00a0lleva\u00a0con\u00a0la cabeza en alto\u00a0<\/a>\n\t\t\t\t\t\t\t\n\t\t\t\t\t\t\t\t\t\t\t\t\t\n\t\t\t\t\t\t\t\t\t\t\t\t\n\t\t\t\t\t<\/div>\n\t\t\t\t\n\t\t\t\t\t\t\n\t\t\t\t<\/li>\n\t\t\t\n\t\t\t\t\n\t\t\t\t\t\n\t\t\t\n\t\t\t\t<li>\n\t\t\t\n\t\t\t\t\t\t\t\n\t\t\t\t\t<a href=\"https:\/\/www.bbmag.co.uk\/es\/mascarillas-el-nuevo-complemento-de-moda\/\"><img decoding=\"async\" width=\"110\" height=\"96\" src=\"https:\/\/www.bbmag.co.uk\/wp-content\/uploads\/2020\/08\/61-FASHION-MASK-LV-110x96.png\" class=\"attachment-post-thumbnail size-post-thumbnail wp-post-image\" alt=\"\" title=\"Cubrebocas, el nuevo complemento de moda\u00a0\" \/>\n\t\t\t\t\t\t\t\t\t\t\n\t\t\t\t\t<\/a>\n\t\t\t\t\t\n\t\t\t\t\t<div class=\"content\">\n\n\t\t\t\t\t\t\t\t\t<div class=\"cf listing-meta above\">\n\t\t\t\t\t\n\t\t\t\t<time datetime=\"2021-07-30T19:30:26+01:00\" itemprop=\"datePublished\" class=\"meta-item\">30 de julio de 2021<\/time>\t\t\t\t\t\n\t\t\t<\/div>\n\t\t\t\t\t\t\t\t\n\t\t\t\t\t\t<a href=\"https:\/\/www.bbmag.co.uk\/es\/mascarillas-el-nuevo-complemento-de-moda\/\" title=\"Cubrebocas, el nuevo complemento de moda\u00a0\">\n\t\t\t\t\t\t\tCubrebocas, el nuevo complemento de moda\u00a0<\/a>\n\t\t\t\t\t\t\t\n\t\t\t\t\t\t\t\t\t\t\t\t\t\n\t\t\t\t\t\t\t\t\t\t\t\t\n\t\t\t\t\t<\/div>\n\t\t\t\t\n\t\t\t\t\t\t\n\t\t\t\t<\/li>\n\t\t\t\n\t\t\t\t\t\n\t\t\t <\/ul> \t\t\t\n\t\t\n\t<\/section>\n\t\n\t<\/div><div class=\"column half\">\n\n\t<section class=\"highlights\">\n\t\t\t\t\n\t\t\t\t\n\t\t\n\t\t\t\t\n\t\t\t\t\n\t\t\t\t\t\t\t<span class=\"cat-title larger cat-1861\">\n\t\t\t\t\t<a href=\"https:\/\/www.bbmag.co.uk\/es\/cat\/turismo-es\/\">Turismo<\/a><\/span>\n\t\t\t\t\t\t\n\t\t\t<article itemscope itemtype=\"http:\/\/schema.org\/Article\">\n\t\t\t\t\t\n\t\t\t\t<a href=\"https:\/\/www.bbmag.co.uk\/es\/vbrata-y-la-secretaria-de-turismo-de-bahia-presentan-con-exito-el-evento-viva-brasil-bahia-experiencias-unicas-madrid-2025\/\" title=\"VBRATA y la Secretar\u00eda de Turismo de Bah\u00eda presentan con \u00e9xito el evento \u201c\u00a1Viva Brasil! Bah\u00eda Experiencias \u00danicas Madrid 2025\u201d\" class=\"image-link\" itemprop=\"url\">\n\t\t\t\t\t<img decoding=\"async\" width=\"351\" height=\"185\" src=\"https:\/\/www.bbmag.co.uk\/wp-content\/uploads\/2025\/01\/Capa-351x185.jpg\" class=\"image wp-post-image\" alt=\"\" title=\"VBRATA y la Secretar\u00eda de Turismo de Bah\u00eda presentan con \u00e9xito el evento \u201c\u00a1Viva Brasil! Bah\u00eda Experiencias \u00danicas Madrid 2025\u201d\" itemprop=\"image\" \/>\t\t\t\t\t\n\t\t\t\t\t\t\t\t\t\t\n\t\t\t\t\t\t\t\t\t<\/a>\n\t\t\t\t\n\t\t\t\t\t\t\t<div class=\"cf listing-meta meta above\">\n\t\t\t\t\t\n\t\t\t\t<span class=\"meta-item author\">By <a href=\"https:\/\/www.bbmag.co.uk\/es\/author\/bbmag2\/\" title=\"Posts by BBMag\" rel=\"author\">BBMag<\/a><\/span>\t\t\t\t\t\n\t\t\t<\/div>\n\t\t\t\t\t\t\n\t\t\t\t<h2 itemprop=\"name headline\"><a href=\"https:\/\/www.bbmag.co.uk\/es\/vbrata-y-la-secretaria-de-turismo-de-bahia-presentan-con-exito-el-evento-viva-brasil-bahia-experiencias-unicas-madrid-2025\/\" title=\"VBRATA y la Secretar\u00eda de Turismo de Bah\u00eda presentan con \u00e9xito el evento \u201c\u00a1Viva Brasil! Bah\u00eda Experiencias \u00danicas Madrid 2025\u201d\">VBRATA y la Secretar\u00eda de Turismo de Bah\u00eda presentan con \u00e9xito el evento \u201c\u00a1Viva Brasil! Bah\u00eda Experiencias \u00danicas Madrid 2025\u201d<\/a><\/h2>\n\t\t\t\t\n\t\t\t\t\t\t\t\t\n\t\t\t\t\t\t\t\t\n\t\t\t\t<div class=\"excerpt\">\n\t\t\t\t\t<p>Un encuentro exclusivo para agentes de viajes y operadores tur\u00edsticos en Madrid, mostrando las riquezas de Bah\u00eda y fortaleciendo alianzas&hellip;<\/p>\n\t\t\t\t<\/div>\n\t\t\t\t\t\t\t\t\n\t\t\t\t\t\t\t\t\n\t\t\t<\/article>\n\t\t\t\n\t\t\t\t\t\t\t\t\n\t\t\t<ul class=\"block posts-list thumb\">\n\t\t\t\n\t\t\t\t\n\t\t\t\t\n\t\t\t\t\n\t\t\t\t\t\n\t\t\t\n\t\t\t\t<li>\n\t\t\t\n\t\t\t\t\t\t\t\n\t\t\t\t\t<a href=\"https:\/\/www.bbmag.co.uk\/es\/bate-e-volta-desde-sao-paulo\/\"><img decoding=\"async\" width=\"110\" height=\"96\" src=\"https:\/\/www.bbmag.co.uk\/wp-content\/uploads\/2024\/07\/shutterstock_265540472-110x96.jpg\" class=\"attachment-post-thumbnail size-post-thumbnail wp-post-image\" alt=\"\" title=\"Bate-e-volta desde S\u00e3o Paulo\" \/>\n\t\t\t\t\t\t\t\t\t\t\n\t\t\t\t\t<\/a>\n\t\t\t\t\t\n\t\t\t\t\t<div class=\"content\">\n\n\t\t\t\t\t\t\t\t\t<div class=\"cf listing-meta above\">\n\t\t\t\t\t\n\t\t\t\t<time datetime=\"2024-10-17T17:00:59+01:00\" itemprop=\"datePublished\" class=\"meta-item\">17 de octubre de 2024<\/time>\t\t\t\t\t\n\t\t\t<\/div>\n\t\t\t\t\t\t\t\t\n\t\t\t\t\t\t<a href=\"https:\/\/www.bbmag.co.uk\/es\/bate-e-volta-desde-sao-paulo\/\" title=\"Bate-e-volta desde S\u00e3o Paulo\">\n\t\t\t\t\t\t\tBate-e-volta desde S\u00e3o Paulo<\/a>\n\t\t\t\t\t\t\t\n\t\t\t\t\t\t\t\t\t\t\t\t\t\n\t\t\t\t\t\t\t\t\t\t\t\t\n\t\t\t\t\t<\/div>\n\t\t\t\t\n\t\t\t\t\t\t\n\t\t\t\t<\/li>\n\t\t\t\n\t\t\t\t\n\t\t\t\t\t\n\t\t\t\n\t\t\t\t<li>\n\t\t\t\n\t\t\t\t\t\t\t\n\t\t\t\t\t<a href=\"https:\/\/www.bbmag.co.uk\/es\/vbrata-cierra-con-exito-el-roadshow-de-brasil-para-agentes-de-viajes-en-napoles-y-roma-italia\/\"><img decoding=\"async\" width=\"110\" height=\"96\" src=\"https:\/\/www.bbmag.co.uk\/wp-content\/uploads\/2024\/11\/VBRATA-Roadshow-Italia-ROMA-07-OUT-24-181-110x96.jpg\" class=\"attachment-post-thumbnail size-post-thumbnail wp-post-image\" alt=\"\" title=\"VBRATA cierra con \u00e9xito el Roadshow de Brasil para agentes de viajes en N\u00e1poles y Roma, Italia\" \/>\n\t\t\t\t\t\t\t\t\t\t\n\t\t\t\t\t<\/a>\n\t\t\t\t\t\n\t\t\t\t\t<div class=\"content\">\n\n\t\t\t\t\t\t\t\t\t<div class=\"cf listing-meta above\">\n\t\t\t\t\t\n\t\t\t\t<time datetime=\"2024-10-08T17:00:54+01:00\" itemprop=\"datePublished\" class=\"meta-item\">8 de octubre de 2024<\/time>\t\t\t\t\t\n\t\t\t<\/div>\n\t\t\t\t\t\t\t\t\n\t\t\t\t\t\t<a href=\"https:\/\/www.bbmag.co.uk\/es\/vbrata-cierra-con-exito-el-roadshow-de-brasil-para-agentes-de-viajes-en-napoles-y-roma-italia\/\" title=\"VBRATA cierra con \u00e9xito el Roadshow de Brasil para agentes de viajes en N\u00e1poles y Roma, Italia\">\n\t\t\t\t\t\t\tVBRATA cierra con \u00e9xito el Roadshow de Brasil para agentes de viajes en N\u00e1poles y Roma, Italia<\/a>\n\t\t\t\t\t\t\t\n\t\t\t\t\t\t\t\t\t\t\t\t\t\n\t\t\t\t\t\t\t\t\t\t\t\t\n\t\t\t\t\t<\/div>\n\t\t\t\t\n\t\t\t\t\t\t\n\t\t\t\t<\/li>\n\t\t\t\n\t\t\t\t\t\n\t\t\t <\/ul> \t\t\t\n\t\t\n\t<\/section>\n\t\n\t<\/div><\/div>\n<p>&nbsp;<\/p>\n<p style=\"text-align: center;\">_____________________________________________________<\/p>\n<p>&nbsp;<\/p>\n<div id=\"gtx-trans\" style=\"position: absolute; left: 239px; top: 506px;\">\n<div class=\"gtx-trans-icon\"><\/div>\n<\/div>\n<div style=\"visibility: hidden; position: absolute;\">\n<p>BBMag es la \u00fanica publicaci\u00f3n biling\u00fce en Londres (ingl\u00e9s\/portugu\u00e9s e ingl\u00e9s\/espa\u00f1ol) con sede en Londres dedicada a la promoci\u00f3n del estilo de vida internacional, el turismo y la cultura.<\/p>\n<p>Links: <a href=\"https:\/\/www.bossapromotions.com\">Bossa Promotions<\/a><\/p>\n<\/div>\n","protected":false},"excerpt":{"rendered":"<p>BBMag es la \u00fanica publicaci\u00f3n biling\u00fce en Londres (ingl\u00e9s\/portugu\u00e9s e ingl\u00e9s\/espa\u00f1ol) con sede en Londres dedicada a la promoci\u00f3n del estilo de vida internacional, el turismo y la cultura. &nbsp; &nbsp; &nbsp; &nbsp; &nbsp; _____________________________________________________ &nbsp; BBMag es la \u00fanica publicaci\u00f3n biling\u00fce en Londres (ingl\u00e9s\/portugu\u00e9s e ingl\u00e9s\/espa\u00f1ol) con sede en Londres dedicada a la promoci\u00f3n<\/p>\n<div class=\"read-more\"><a href=\"https:\/\/www.bbmag.co.uk\/es\/vbrata-cierra-con-exito-el-roadshow-de-brasil-para-agentes-de-viajes-en-napoles-y-roma-italia\/\" title=\"Read More\">Read More<\/a><\/div>\n","protected":false},"author":72,"featured_media":23596,"parent":0,"menu_order":0,"comment_status":"closed","ping_status":"closed","template":"page-blocks.php","meta":{"footnotes":""},"class_list":["post-24086","page","type-page","status-publish","has-post-thumbnail"],"jetpack-related-posts":[],"jetpack_sharing_enabled":true,"_links":{"self":[{"href":"https:\/\/www.bbmag.co.uk\/es\/wp-json\/wp\/v2\/pages\/24086","targetHints":{"allow":["GET"]}}],"collection":[{"href":"https:\/\/www.bbmag.co.uk\/es\/wp-json\/wp\/v2\/pages"}],"about":[{"href":"https:\/\/www.bbmag.co.uk\/es\/wp-json\/wp\/v2\/types\/page"}],"author":[{"embeddable":true,"href":"https:\/\/www.bbmag.co.uk\/es\/wp-json\/wp\/v2\/users\/72"}],"replies":[{"embeddable":true,"href":"https:\/\/www.bbmag.co.uk\/es\/wp-json\/wp\/v2\/comments?post=24086"}],"version-history":[{"count":0,"href":"https:\/\/www.bbmag.co.uk\/es\/wp-json\/wp\/v2\/pages\/24086\/revisions"}],"wp:featuredmedia":[{"embeddable":true,"href":"https:\/\/www.bbmag.co.uk\/es\/wp-json\/wp\/v2\/media\/23596"}],"wp:attachment":[{"href":"https:\/\/www.bbmag.co.uk\/es\/wp-json\/wp\/v2\/media?parent=24086"}],"curies":[{"name":"wp","href":"https:\/\/api.w.org\/{rel}","templated":true}]}}